{"id":14924,"date":"2025-06-05T10:26:15","date_gmt":"2025-06-05T10:26:15","guid":{"rendered":"https:\/\/www.ruydelacerda.pt\/articles\/"},"modified":"2025-12-02T16:07:22","modified_gmt":"2025-12-02T16:07:22","slug":"articles","status":"publish","type":"page","link":"https:\/\/www.ruydelacerda.pt\/en\/articles\/","title":{"rendered":"Articles"},"content":{"rendered":"\t\t<div data-elementor-type=\"wp-page\" data-elementor-id=\"14924\" class=\"elementor elementor-14924 elementor-10334\">\n\t\t\t\t\t\t<section class=\"elementor-section elementor-top-section elementor-element elementor-element-606e6fe elementor-section-boxed elementor-section-height-default elementor-section-height-default qodef-elementor-content-no\" data-id=\"606e6fe\" data-element_type=\"section\">\n\t\t\t\t\t\t<div class=\"elementor-container elementor-column-gap-default\">\n\t\t\t\t\t<div class=\"elementor-column elementor-col-100 elementor-top-column elementor-element elementor-element-f88ff36\" data-id=\"f88ff36\" data-element_type=\"column\">\n\t\t\t<div class=\"elementor-widget-wrap elementor-element-populated\">\n\t\t\t\t\t\t<div class=\"elementor-element elementor-element-af59446 elementor-widget elementor-widget-halstein_core_blog_list\" data-id=\"af59446\" data-element_type=\"widget\" data-widget_type=\"halstein_core_blog_list.default\">\n\t\t\t\t<div class=\"elementor-widget-container\">\n\t\t\t\t\t<div class=\"qodef-shortcode qodef-m qodef-blog qodef--list qodef-item-layout--standard qodef-grid qodef-layout--columns qodef-gutter--huge qodef-col-num--1 qodef-item-layout--standard qodef-pagination--on qodef-pagination-type--standard qodef-responsive--custom qodef-col-num--1440--1 qodef-col-num--1366--1 qodef-col-num--1024--1 qodef-col-num--768--1 qodef-col-num--680--1 qodef-col-num--480--1 qodef-swiper-pagination--on\" data-options=\"{&quot;plugin&quot;:&quot;halstein_core&quot;,&quot;module&quot;:&quot;blog\\\/shortcodes&quot;,&quot;shortcode&quot;:&quot;blog-list&quot;,&quot;post_type&quot;:&quot;post&quot;,&quot;next_page&quot;:&quot;2&quot;,&quot;max_pages_num&quot;:17,&quot;behavior&quot;:&quot;columns&quot;,&quot;images_proportion&quot;:&quot;full&quot;,&quot;columns&quot;:&quot;1&quot;,&quot;columns_responsive&quot;:&quot;custom&quot;,&quot;columns_1440&quot;:&quot;1&quot;,&quot;columns_1366&quot;:&quot;1&quot;,&quot;columns_1024&quot;:&quot;1&quot;,&quot;columns_768&quot;:&quot;1&quot;,&quot;columns_680&quot;:&quot;1&quot;,&quot;columns_480&quot;:&quot;1&quot;,&quot;space&quot;:&quot;huge&quot;,&quot;posts_per_page&quot;:&quot;10&quot;,&quot;orderby&quot;:&quot;date&quot;,&quot;order&quot;:&quot;DESC&quot;,&quot;layout&quot;:&quot;standard&quot;,&quot;title_tag&quot;:&quot;h2&quot;,&quot;excerpt_length&quot;:&quot;800&quot;,&quot;pagination_type&quot;:&quot;standard&quot;,&quot;object_class_name&quot;:&quot;HalsteinCore_Blog_List_Shortcode&quot;,&quot;taxonomy_filter&quot;:&quot;category&quot;,&quot;additional_query_args&quot;:[],&quot;space_value&quot;:40}\">\n\t\t<div class=\"qodef-grid-inner clear\">\n\t\t<article class=\"qodef-e qodef-blog-item qodef-grid-item qodef-item--full post-16473 post type-post status-publish format-standard has-post-thumbnail hentry category-circular-economy\">\n\t<div class=\"qodef-e-inner\">\n\t\t<div class=\"qodef-e-media\">\n\t\t<div class=\"qodef-e-media-image\">\n\t\t<a itemprop=\"url\" href=\"https:\/\/www.ruydelacerda.pt\/en\/black-specks-in-recycled-plastic-pellets-what-causes-them\/\">\n\t\t\t<img fetchpriority=\"high\" decoding=\"async\" width=\"1920\" height=\"1080\" src=\"https:\/\/www.ruydelacerda.pt\/wp-content\/uploads\/2026\/08\/Capa-LinkdIn-Artigo-Economia-Circular.jpg\" class=\"attachment-full size-full wp-post-image\" alt=\"\" srcset=\"https:\/\/www.ruydelacerda.pt\/wp-content\/uploads\/2026\/08\/Capa-LinkdIn-Artigo-Economia-Circular.jpg 1920w, https:\/\/www.ruydelacerda.pt\/wp-content\/uploads\/2026\/08\/Capa-LinkdIn-Artigo-Economia-Circular-300x169.jpg 300w, https:\/\/www.ruydelacerda.pt\/wp-content\/uploads\/2026\/08\/Capa-LinkdIn-Artigo-Economia-Circular-1024x576.jpg 1024w, https:\/\/www.ruydelacerda.pt\/wp-content\/uploads\/2026\/08\/Capa-LinkdIn-Artigo-Economia-Circular-768x432.jpg 768w, https:\/\/www.ruydelacerda.pt\/wp-content\/uploads\/2026\/08\/Capa-LinkdIn-Artigo-Economia-Circular-1536x864.jpg 1536w, https:\/\/www.ruydelacerda.pt\/wp-content\/uploads\/2026\/08\/Capa-LinkdIn-Artigo-Economia-Circular-600x338.jpg 600w\" sizes=\"(max-width: 1920px) 100vw, 1920px\" \/>\t\t<\/a>\n\t<\/div>\n<\/div>\n\t\t<div class=\"qodef-e-content\">\n\t\t\t<div class=\"qodef-e-top-holder\">\n\t\t\t\t<div class=\"qodef-e-info\">\n\t\t\t\t\t<a itemprop=\"dateCreated\" href=\"https:\/\/www.ruydelacerda.pt\/en\/2026\/08\/\" class=\"entry-date \">\n\t28\/08\/2026<\/a><div class=\"qodef-info-separator-end\"><\/div>\n<a itemprop=\"author\" href=\"https:\/\/www.ruydelacerda.pt\/en\/author\/rdl_user\/\" class=\"qodef-e-info-author\">\n\tBy\trdl_user<\/a>\n<div class=\"qodef-info-separator-end\"><\/div>\n<a href=\"https:\/\/www.ruydelacerda.pt\/en\/category\/circular-economy\/\" rel=\"tag\">Circular Economy<\/a><div class=\"qodef-info-separator-end\"><\/div>\n\t\t\t\t<\/div>\n\t\t\t<\/div>\n\t\t\t<div class=\"qodef-e-text\">\n\t\t\t\t<h2 itemprop=\"name\" class=\"qodef-e-title entry-title\" >\n\t<a itemprop=\"url\" class=\"qodef-e-title-link\" href=\"https:\/\/www.ruydelacerda.pt\/en\/black-specks-in-recycled-plastic-pellets-what-causes-them\/\">\n\t\tBlack specks in recycled plastic pellets: what causes them?\t<\/a>\n<\/h2>\n\t\t<p itemprop=\"description\" class=\"qodef-e-excerpt\">Black specks, bubbles, odours and colour variations are common problems in the production of recycled plastic pellets. Besides affecting their appearance, they can also compromise the material\u2019s performance...<\/p>\n\t\t\t\t\t<\/div>\n\t\t\t<div class=\"qodef-e-bottom-holder\">\n\t\t\t\t<div class=\"qodef-e-left\">\n\t\t\t\t\t\t<div class=\"qodef-e-read-more\">\n\t\t<a class=\"qodef-shortcode qodef-m qodef-button qodef-layout--textual qodef-html--link\" href=\"https:\/\/www.ruydelacerda.pt\/en\/black-specks-in-recycled-plastic-pellets-what-causes-them\/\" target=\"_self\"  >\t<span class=\"qodef-m-text\">Read More<\/span>\t<span class=\"qodef-m-icon\"><svg class=\"qodef-svg--button-arrow\" xmlns=\"http:\/\/www.w3.org\/2000\/svg\"     xmlns:xlink=\"http:\/\/www.w3.org\/1999\/xlink\" x=\"0px\" y=\"0px\" width=\"17\"     viewBox=\"0 0 17 20\" style=\"enable-background:new 0 0 17 20;\" xml:space=\"preserve\"><polyline class=\"qodef-m-arrow\" points=\"7.1,3.9 13,9.8 7.1,15.9 \"\/><rect class=\"qodef-m-line\"  width=\"1\" height=\"20\"\/><\/svg><\/span><\/a>\t<\/div>\n\t\t\t\t<\/div>\n\t\t\t\t<div class=\"qodef-e-right qodef-e-info\">\n\t\t\t\t\t<div class=\"qodef-e-info-item qodef-e-info-social-share\">\n\t<div class=\"qodef-shortcode qodef-m qodef-social-share clear qodef-layout--text\">\t\t<ul class=\"qodef-shortcode-list\">\t\t<li class=\"qodef-facebook-share\">\t<a itemprop=\"url\" class=\"qodef-share-link\" href=\"#\" onclick=\"window.open(&apos;https:\/\/www.facebook.com\/sharer.php?u=https%3A%2F%2Fwww.ruydelacerda.pt%2Fen%2Fblack-specks-in-recycled-plastic-pellets-what-causes-them%2F&apos;, &apos;sharer&apos;, &apos;toolbar=0,status=0,width=620,height=280&apos;);\">\t\t\t\t\t<span class=\"qodef-social-network-text\">fb<\/span>\t\t\t<\/a><\/li><li class=\"qodef-linkedin-share\">\t<a itemprop=\"url\" class=\"qodef-share-link\" href=\"#\" onclick=\"popUp=window.open(&apos;https:\/\/www.linkedin.com\/sharing\/share-offsite?url==https%3A%2F%2Fwww.ruydelacerda.pt%2Fen%2Fblack-specks-in-recycled-plastic-pellets-what-causes-them%2F&amp;title=Black+specks+in+recycled+plastic+pellets%3A+what+causes+them%3F&apos;, &apos;popupwindow&apos;, &apos;scrollbars=yes,width=800,height=400&apos;);popUp.focus();return false;\">\t\t\t\t\t<span class=\"qodef-social-network-text\">ln<\/span>\t\t\t<\/a><\/li>\t<\/ul><\/div><\/div>\n\t\t\t\t<\/div>\n\t\t\t<\/div>\n\t\t<\/div>\n\t<\/div>\n<\/article>\n<article class=\"qodef-e qodef-blog-item qodef-grid-item qodef-item--full post-16463 post type-post status-publish format-standard has-post-thumbnail hentry category-rdl-institutional\">\n\t<div class=\"qodef-e-inner\">\n\t\t<div class=\"qodef-e-media\">\n\t\t<div class=\"qodef-e-media-image\">\n\t\t<a itemprop=\"url\" href=\"https:\/\/www.ruydelacerda.pt\/en\/a-day-in-the-life-at-ruy-de-lacerda-vitor-silva-and-the-work-behind-every-print\/\">\n\t\t\t<img decoding=\"async\" width=\"1920\" height=\"1080\" src=\"https:\/\/www.ruydelacerda.pt\/wp-content\/uploads\/2026\/08\/Capa-LinkdIn-Artigo-01-Institucional-1.jpg\" class=\"attachment-full size-full wp-post-image\" alt=\"\" srcset=\"https:\/\/www.ruydelacerda.pt\/wp-content\/uploads\/2026\/08\/Capa-LinkdIn-Artigo-01-Institucional-1.jpg 1920w, https:\/\/www.ruydelacerda.pt\/wp-content\/uploads\/2026\/08\/Capa-LinkdIn-Artigo-01-Institucional-1-300x169.jpg 300w, https:\/\/www.ruydelacerda.pt\/wp-content\/uploads\/2026\/08\/Capa-LinkdIn-Artigo-01-Institucional-1-1024x576.jpg 1024w, https:\/\/www.ruydelacerda.pt\/wp-content\/uploads\/2026\/08\/Capa-LinkdIn-Artigo-01-Institucional-1-768x432.jpg 768w, https:\/\/www.ruydelacerda.pt\/wp-content\/uploads\/2026\/08\/Capa-LinkdIn-Artigo-01-Institucional-1-1536x864.jpg 1536w, https:\/\/www.ruydelacerda.pt\/wp-content\/uploads\/2026\/08\/Capa-LinkdIn-Artigo-01-Institucional-1-600x338.jpg 600w\" sizes=\"(max-width: 1920px) 100vw, 1920px\" \/>\t\t<\/a>\n\t<\/div>\n<\/div>\n\t\t<div class=\"qodef-e-content\">\n\t\t\t<div class=\"qodef-e-top-holder\">\n\t\t\t\t<div class=\"qodef-e-info\">\n\t\t\t\t\t<a itemprop=\"dateCreated\" href=\"https:\/\/www.ruydelacerda.pt\/en\/2026\/08\/\" class=\"entry-date \">\n\t22\/08\/2026<\/a><div class=\"qodef-info-separator-end\"><\/div>\n<a itemprop=\"author\" href=\"https:\/\/www.ruydelacerda.pt\/en\/author\/rdl_user\/\" class=\"qodef-e-info-author\">\n\tBy\trdl_user<\/a>\n<div class=\"qodef-info-separator-end\"><\/div>\n<a href=\"https:\/\/www.ruydelacerda.pt\/en\/category\/rdl-institutional\/\" rel=\"tag\">RDL | Institutional<\/a><div class=\"qodef-info-separator-end\"><\/div>\n\t\t\t\t<\/div>\n\t\t\t<\/div>\n\t\t\t<div class=\"qodef-e-text\">\n\t\t\t\t<h2 itemprop=\"name\" class=\"qodef-e-title entry-title\" >\n\t<a itemprop=\"url\" class=\"qodef-e-title-link\" href=\"https:\/\/www.ruydelacerda.pt\/en\/a-day-in-the-life-at-ruy-de-lacerda-vitor-silva-and-the-work-behind-every-print\/\">\n\t\tA day in the life at Ruy de Lacerda: V\u00edtor Silva and the work behind every print\t<\/a>\n<\/h2>\n\t\t<p itemprop=\"description\" class=\"qodef-e-excerpt\">In our Graphic Arts Business Unit, the quality of the final result begins long before printing. Behind every job, there is a series of steps\u2026\r\n<\/p>\n\t\t\t\t\t<\/div>\n\t\t\t<div class=\"qodef-e-bottom-holder\">\n\t\t\t\t<div class=\"qodef-e-left\">\n\t\t\t\t\t\t<div class=\"qodef-e-read-more\">\n\t\t<a class=\"qodef-shortcode qodef-m qodef-button qodef-layout--textual qodef-html--link\" href=\"https:\/\/www.ruydelacerda.pt\/en\/a-day-in-the-life-at-ruy-de-lacerda-vitor-silva-and-the-work-behind-every-print\/\" target=\"_self\"  >\t<span class=\"qodef-m-text\">Read More<\/span>\t<span class=\"qodef-m-icon\"><svg class=\"qodef-svg--button-arrow\" xmlns=\"http:\/\/www.w3.org\/2000\/svg\"     xmlns:xlink=\"http:\/\/www.w3.org\/1999\/xlink\" x=\"0px\" y=\"0px\" width=\"17\"     viewBox=\"0 0 17 20\" style=\"enable-background:new 0 0 17 20;\" xml:space=\"preserve\"><polyline class=\"qodef-m-arrow\" points=\"7.1,3.9 13,9.8 7.1,15.9 \"\/><rect class=\"qodef-m-line\"  width=\"1\" height=\"20\"\/><\/svg><\/span><\/a>\t<\/div>\n\t\t\t\t<\/div>\n\t\t\t\t<div class=\"qodef-e-right qodef-e-info\">\n\t\t\t\t\t<div class=\"qodef-e-info-item qodef-e-info-social-share\">\n\t<div class=\"qodef-shortcode qodef-m qodef-social-share clear qodef-layout--text\">\t\t<ul class=\"qodef-shortcode-list\">\t\t<li class=\"qodef-facebook-share\">\t<a itemprop=\"url\" class=\"qodef-share-link\" href=\"#\" onclick=\"window.open(&apos;https:\/\/www.facebook.com\/sharer.php?u=https%3A%2F%2Fwww.ruydelacerda.pt%2Fen%2Fa-day-in-the-life-at-ruy-de-lacerda-vitor-silva-and-the-work-behind-every-print%2F&apos;, &apos;sharer&apos;, &apos;toolbar=0,status=0,width=620,height=280&apos;);\">\t\t\t\t\t<span class=\"qodef-social-network-text\">fb<\/span>\t\t\t<\/a><\/li><li class=\"qodef-linkedin-share\">\t<a itemprop=\"url\" class=\"qodef-share-link\" href=\"#\" onclick=\"popUp=window.open(&apos;https:\/\/www.linkedin.com\/sharing\/share-offsite?url==https%3A%2F%2Fwww.ruydelacerda.pt%2Fen%2Fa-day-in-the-life-at-ruy-de-lacerda-vitor-silva-and-the-work-behind-every-print%2F&amp;title=A+day+in+the+life+at+Ruy+de+Lacerda%3A+V%C3%ADtor+Silva+and+the+work+behind+every+print&apos;, &apos;popupwindow&apos;, &apos;scrollbars=yes,width=800,height=400&apos;);popUp.focus();return false;\">\t\t\t\t\t<span class=\"qodef-social-network-text\">ln<\/span>\t\t\t<\/a><\/li>\t<\/ul><\/div><\/div>\n\t\t\t\t<\/div>\n\t\t\t<\/div>\n\t\t<\/div>\n\t<\/div>\n<\/article>\n<article class=\"qodef-e qodef-blog-item qodef-grid-item qodef-item--full post-16454 post type-post status-publish format-standard has-post-thumbnail hentry category-industrial-installation-and-maintenance\">\n\t<div class=\"qodef-e-inner\">\n\t\t<div class=\"qodef-e-media\">\n\t\t<div class=\"qodef-e-media-image\">\n\t\t<a itemprop=\"url\" href=\"https:\/\/www.ruydelacerda.pt\/en\/industrial-installations-ready-to-grow\/\">\n\t\t\t<img decoding=\"async\" width=\"1920\" height=\"1080\" src=\"https:\/\/www.ruydelacerda.pt\/wp-content\/uploads\/2026\/08\/Capa-LinkdIn-Artigo-Manutencao-Industrial-1.jpg\" class=\"attachment-full size-full wp-post-image\" alt=\"\" srcset=\"https:\/\/www.ruydelacerda.pt\/wp-content\/uploads\/2026\/08\/Capa-LinkdIn-Artigo-Manutencao-Industrial-1.jpg 1920w, https:\/\/www.ruydelacerda.pt\/wp-content\/uploads\/2026\/08\/Capa-LinkdIn-Artigo-Manutencao-Industrial-1-300x169.jpg 300w, https:\/\/www.ruydelacerda.pt\/wp-content\/uploads\/2026\/08\/Capa-LinkdIn-Artigo-Manutencao-Industrial-1-1024x576.jpg 1024w, https:\/\/www.ruydelacerda.pt\/wp-content\/uploads\/2026\/08\/Capa-LinkdIn-Artigo-Manutencao-Industrial-1-768x432.jpg 768w, https:\/\/www.ruydelacerda.pt\/wp-content\/uploads\/2026\/08\/Capa-LinkdIn-Artigo-Manutencao-Industrial-1-1536x864.jpg 1536w, https:\/\/www.ruydelacerda.pt\/wp-content\/uploads\/2026\/08\/Capa-LinkdIn-Artigo-Manutencao-Industrial-1-600x338.jpg 600w\" sizes=\"(max-width: 1920px) 100vw, 1920px\" \/>\t\t<\/a>\n\t<\/div>\n<\/div>\n\t\t<div class=\"qodef-e-content\">\n\t\t\t<div class=\"qodef-e-top-holder\">\n\t\t\t\t<div class=\"qodef-e-info\">\n\t\t\t\t\t<a itemprop=\"dateCreated\" href=\"https:\/\/www.ruydelacerda.pt\/en\/2026\/08\/\" class=\"entry-date \">\n\t19\/08\/2026<\/a><div class=\"qodef-info-separator-end\"><\/div>\n<a itemprop=\"author\" href=\"https:\/\/www.ruydelacerda.pt\/en\/author\/rdl_user\/\" class=\"qodef-e-info-author\">\n\tBy\trdl_user<\/a>\n<div class=\"qodef-info-separator-end\"><\/div>\n<a href=\"https:\/\/www.ruydelacerda.pt\/en\/category\/industrial-installation-and-maintenance\/\" rel=\"tag\">Industrial Installation and Maintenance<\/a><div class=\"qodef-info-separator-end\"><\/div>\n\t\t\t\t<\/div>\n\t\t\t<\/div>\n\t\t\t<div class=\"qodef-e-text\">\n\t\t\t\t<h2 itemprop=\"name\" class=\"qodef-e-title entry-title\" >\n\t<a itemprop=\"url\" class=\"qodef-e-title-link\" href=\"https:\/\/www.ruydelacerda.pt\/en\/industrial-installations-ready-to-grow\/\">\n\t\tIndustrial Installations Ready to Grow\t<\/a>\n<\/h2>\n\t\t<p itemprop=\"description\" class=\"qodef-e-excerpt\">During the second half of August, Ruy de Lacerda\u2019s facilities are closed for the summer holidays... But we\u2019re still here...<\/p>\n\t\t\t\t\t<\/div>\n\t\t\t<div class=\"qodef-e-bottom-holder\">\n\t\t\t\t<div class=\"qodef-e-left\">\n\t\t\t\t\t\t<div class=\"qodef-e-read-more\">\n\t\t<a class=\"qodef-shortcode qodef-m qodef-button qodef-layout--textual qodef-html--link\" href=\"https:\/\/www.ruydelacerda.pt\/en\/industrial-installations-ready-to-grow\/\" target=\"_self\"  >\t<span class=\"qodef-m-text\">Read More<\/span>\t<span class=\"qodef-m-icon\"><svg class=\"qodef-svg--button-arrow\" xmlns=\"http:\/\/www.w3.org\/2000\/svg\"     xmlns:xlink=\"http:\/\/www.w3.org\/1999\/xlink\" x=\"0px\" y=\"0px\" width=\"17\"     viewBox=\"0 0 17 20\" style=\"enable-background:new 0 0 17 20;\" xml:space=\"preserve\"><polyline class=\"qodef-m-arrow\" points=\"7.1,3.9 13,9.8 7.1,15.9 \"\/><rect class=\"qodef-m-line\"  width=\"1\" height=\"20\"\/><\/svg><\/span><\/a>\t<\/div>\n\t\t\t\t<\/div>\n\t\t\t\t<div class=\"qodef-e-right qodef-e-info\">\n\t\t\t\t\t<div class=\"qodef-e-info-item qodef-e-info-social-share\">\n\t<div class=\"qodef-shortcode qodef-m qodef-social-share clear qodef-layout--text\">\t\t<ul class=\"qodef-shortcode-list\">\t\t<li class=\"qodef-facebook-share\">\t<a itemprop=\"url\" class=\"qodef-share-link\" href=\"#\" onclick=\"window.open(&apos;https:\/\/www.facebook.com\/sharer.php?u=https%3A%2F%2Fwww.ruydelacerda.pt%2Fen%2Findustrial-installations-ready-to-grow%2F&apos;, &apos;sharer&apos;, &apos;toolbar=0,status=0,width=620,height=280&apos;);\">\t\t\t\t\t<span class=\"qodef-social-network-text\">fb<\/span>\t\t\t<\/a><\/li><li class=\"qodef-linkedin-share\">\t<a itemprop=\"url\" class=\"qodef-share-link\" href=\"#\" onclick=\"popUp=window.open(&apos;https:\/\/www.linkedin.com\/sharing\/share-offsite?url==https%3A%2F%2Fwww.ruydelacerda.pt%2Fen%2Findustrial-installations-ready-to-grow%2F&amp;title=Industrial+Installations+Ready+to+Grow&apos;, &apos;popupwindow&apos;, &apos;scrollbars=yes,width=800,height=400&apos;);popUp.focus();return false;\">\t\t\t\t\t<span class=\"qodef-social-network-text\">ln<\/span>\t\t\t<\/a><\/li>\t<\/ul><\/div><\/div>\n\t\t\t\t<\/div>\n\t\t\t<\/div>\n\t\t<\/div>\n\t<\/div>\n<\/article>\n<article class=\"qodef-e qodef-blog-item qodef-grid-item qodef-item--full post-16441 post type-post status-publish format-standard has-post-thumbnail hentry category-plastic-and-rubber-industry\">\n\t<div class=\"qodef-e-inner\">\n\t\t<div class=\"qodef-e-media\">\n\t\t<div class=\"qodef-e-media-image\">\n\t\t<a itemprop=\"url\" href=\"https:\/\/www.ruydelacerda.pt\/en\/multilayer-extrusion-for-high-performance-products\/\">\n\t\t\t<img loading=\"lazy\" decoding=\"async\" width=\"1920\" height=\"1080\" src=\"https:\/\/www.ruydelacerda.pt\/wp-content\/uploads\/2026\/08\/Capa-LinkdIn-Artigo-Plastico-Borracha-01.jpg\" class=\"attachment-full size-full wp-post-image\" alt=\"\" srcset=\"https:\/\/www.ruydelacerda.pt\/wp-content\/uploads\/2026\/08\/Capa-LinkdIn-Artigo-Plastico-Borracha-01.jpg 1920w, https:\/\/www.ruydelacerda.pt\/wp-content\/uploads\/2026\/08\/Capa-LinkdIn-Artigo-Plastico-Borracha-01-300x169.jpg 300w, https:\/\/www.ruydelacerda.pt\/wp-content\/uploads\/2026\/08\/Capa-LinkdIn-Artigo-Plastico-Borracha-01-1024x576.jpg 1024w, https:\/\/www.ruydelacerda.pt\/wp-content\/uploads\/2026\/08\/Capa-LinkdIn-Artigo-Plastico-Borracha-01-768x432.jpg 768w, https:\/\/www.ruydelacerda.pt\/wp-content\/uploads\/2026\/08\/Capa-LinkdIn-Artigo-Plastico-Borracha-01-1536x864.jpg 1536w, https:\/\/www.ruydelacerda.pt\/wp-content\/uploads\/2026\/08\/Capa-LinkdIn-Artigo-Plastico-Borracha-01-600x338.jpg 600w\" sizes=\"(max-width: 1920px) 100vw, 1920px\" \/>\t\t<\/a>\n\t<\/div>\n<\/div>\n\t\t<div class=\"qodef-e-content\">\n\t\t\t<div class=\"qodef-e-top-holder\">\n\t\t\t\t<div class=\"qodef-e-info\">\n\t\t\t\t\t<a itemprop=\"dateCreated\" href=\"https:\/\/www.ruydelacerda.pt\/en\/2026\/08\/\" class=\"entry-date \">\n\t11\/08\/2026<\/a><div class=\"qodef-info-separator-end\"><\/div>\n<a itemprop=\"author\" href=\"https:\/\/www.ruydelacerda.pt\/en\/author\/rdl_user\/\" class=\"qodef-e-info-author\">\n\tBy\trdl_user<\/a>\n<div class=\"qodef-info-separator-end\"><\/div>\n<a href=\"https:\/\/www.ruydelacerda.pt\/en\/category\/plastic-and-rubber-industry\/\" rel=\"tag\">Plastic and Rubber Industry<\/a><div class=\"qodef-info-separator-end\"><\/div>\n\t\t\t\t<\/div>\n\t\t\t<\/div>\n\t\t\t<div class=\"qodef-e-text\">\n\t\t\t\t<h2 itemprop=\"name\" class=\"qodef-e-title entry-title\" >\n\t<a itemprop=\"url\" class=\"qodef-e-title-link\" href=\"https:\/\/www.ruydelacerda.pt\/en\/multilayer-extrusion-for-high-performance-products\/\">\n\t\tMultilayer Extrusion for High-Performance Products\t<\/a>\n<\/h2>\n\t\t<p itemprop=\"description\" class=\"qodef-e-excerpt\">Multilayer extrusion makes it possible to combine different materials into a single structure, assigning each layer a specific function...<\/p>\n\t\t\t\t\t<\/div>\n\t\t\t<div class=\"qodef-e-bottom-holder\">\n\t\t\t\t<div class=\"qodef-e-left\">\n\t\t\t\t\t\t<div class=\"qodef-e-read-more\">\n\t\t<a class=\"qodef-shortcode qodef-m qodef-button qodef-layout--textual qodef-html--link\" href=\"https:\/\/www.ruydelacerda.pt\/en\/multilayer-extrusion-for-high-performance-products\/\" target=\"_self\"  >\t<span class=\"qodef-m-text\">Read More<\/span>\t<span class=\"qodef-m-icon\"><svg class=\"qodef-svg--button-arrow\" xmlns=\"http:\/\/www.w3.org\/2000\/svg\"     xmlns:xlink=\"http:\/\/www.w3.org\/1999\/xlink\" x=\"0px\" y=\"0px\" width=\"17\"     viewBox=\"0 0 17 20\" style=\"enable-background:new 0 0 17 20;\" xml:space=\"preserve\"><polyline class=\"qodef-m-arrow\" points=\"7.1,3.9 13,9.8 7.1,15.9 \"\/><rect class=\"qodef-m-line\"  width=\"1\" height=\"20\"\/><\/svg><\/span><\/a>\t<\/div>\n\t\t\t\t<\/div>\n\t\t\t\t<div class=\"qodef-e-right qodef-e-info\">\n\t\t\t\t\t<div class=\"qodef-e-info-item qodef-e-info-social-share\">\n\t<div class=\"qodef-shortcode qodef-m qodef-social-share clear qodef-layout--text\">\t\t<ul class=\"qodef-shortcode-list\">\t\t<li class=\"qodef-facebook-share\">\t<a itemprop=\"url\" class=\"qodef-share-link\" href=\"#\" onclick=\"window.open(&apos;https:\/\/www.facebook.com\/sharer.php?u=https%3A%2F%2Fwww.ruydelacerda.pt%2Fen%2Fmultilayer-extrusion-for-high-performance-products%2F&apos;, &apos;sharer&apos;, &apos;toolbar=0,status=0,width=620,height=280&apos;);\">\t\t\t\t\t<span class=\"qodef-social-network-text\">fb<\/span>\t\t\t<\/a><\/li><li class=\"qodef-linkedin-share\">\t<a itemprop=\"url\" class=\"qodef-share-link\" href=\"#\" onclick=\"popUp=window.open(&apos;https:\/\/www.linkedin.com\/sharing\/share-offsite?url==https%3A%2F%2Fwww.ruydelacerda.pt%2Fen%2Fmultilayer-extrusion-for-high-performance-products%2F&amp;title=Multilayer+Extrusion+for+High-Performance+Products&apos;, &apos;popupwindow&apos;, &apos;scrollbars=yes,width=800,height=400&apos;);popUp.focus();return false;\">\t\t\t\t\t<span class=\"qodef-social-network-text\">ln<\/span>\t\t\t<\/a><\/li>\t<\/ul><\/div><\/div>\n\t\t\t\t<\/div>\n\t\t\t<\/div>\n\t\t<\/div>\n\t<\/div>\n<\/article>\n<article class=\"qodef-e qodef-blog-item qodef-grid-item qodef-item--full post-16430 post type-post status-publish format-standard has-post-thumbnail hentry category-rdl-institutional\">\n\t<div class=\"qodef-e-inner\">\n\t\t<div class=\"qodef-e-media\">\n\t\t<div class=\"qodef-e-media-image\">\n\t\t<a itemprop=\"url\" href=\"https:\/\/www.ruydelacerda.pt\/en\/day-to-day-at-ruy-de-lacerda-vasco-oliveira-transforming-challenges-into-solutions-for-industry-for-over-18-years\/\">\n\t\t\t<img loading=\"lazy\" decoding=\"async\" width=\"1920\" height=\"1080\" src=\"https:\/\/www.ruydelacerda.pt\/wp-content\/uploads\/2026\/08\/Capa-LinkdIn-Artigo-01-Institucional.jpg\" class=\"attachment-full size-full wp-post-image\" alt=\"\" srcset=\"https:\/\/www.ruydelacerda.pt\/wp-content\/uploads\/2026\/08\/Capa-LinkdIn-Artigo-01-Institucional.jpg 1920w, https:\/\/www.ruydelacerda.pt\/wp-content\/uploads\/2026\/08\/Capa-LinkdIn-Artigo-01-Institucional-300x169.jpg 300w, https:\/\/www.ruydelacerda.pt\/wp-content\/uploads\/2026\/08\/Capa-LinkdIn-Artigo-01-Institucional-1024x576.jpg 1024w, https:\/\/www.ruydelacerda.pt\/wp-content\/uploads\/2026\/08\/Capa-LinkdIn-Artigo-01-Institucional-768x432.jpg 768w, https:\/\/www.ruydelacerda.pt\/wp-content\/uploads\/2026\/08\/Capa-LinkdIn-Artigo-01-Institucional-1536x864.jpg 1536w, https:\/\/www.ruydelacerda.pt\/wp-content\/uploads\/2026\/08\/Capa-LinkdIn-Artigo-01-Institucional-600x338.jpg 600w\" sizes=\"(max-width: 1920px) 100vw, 1920px\" \/>\t\t<\/a>\n\t<\/div>\n<\/div>\n\t\t<div class=\"qodef-e-content\">\n\t\t\t<div class=\"qodef-e-top-holder\">\n\t\t\t\t<div class=\"qodef-e-info\">\n\t\t\t\t\t<a itemprop=\"dateCreated\" href=\"https:\/\/www.ruydelacerda.pt\/en\/2026\/08\/\" class=\"entry-date \">\n\t08\/08\/2026<\/a><div class=\"qodef-info-separator-end\"><\/div>\n<a itemprop=\"author\" href=\"https:\/\/www.ruydelacerda.pt\/en\/author\/rdl_user\/\" class=\"qodef-e-info-author\">\n\tBy\trdl_user<\/a>\n<div class=\"qodef-info-separator-end\"><\/div>\n<a href=\"https:\/\/www.ruydelacerda.pt\/en\/category\/rdl-institutional\/\" rel=\"tag\">RDL | Institutional<\/a><div class=\"qodef-info-separator-end\"><\/div>\n\t\t\t\t<\/div>\n\t\t\t<\/div>\n\t\t\t<div class=\"qodef-e-text\">\n\t\t\t\t<h2 itemprop=\"name\" class=\"qodef-e-title entry-title\" >\n\t<a itemprop=\"url\" class=\"qodef-e-title-link\" href=\"https:\/\/www.ruydelacerda.pt\/en\/day-to-day-at-ruy-de-lacerda-vasco-oliveira-transforming-challenges-into-solutions-for-industry-for-over-18-years\/\">\n\t\tDay-to-Day at Ruy de Lacerda: Vasco Oliveira, transforming challenges into solutions for industry for over 18 years\t<\/a>\n<\/h2>\n\t\t<p itemprop=\"description\" class=\"qodef-e-excerpt\">At Ruy de Lacerda, we believe that the true value of a company lies in the people who make a difference every day. Today, we are proud to highlight Vasco Oliveira, one of the key pillars of our technical team.<\/p>\n\t\t\t\t\t<\/div>\n\t\t\t<div class=\"qodef-e-bottom-holder\">\n\t\t\t\t<div class=\"qodef-e-left\">\n\t\t\t\t\t\t<div class=\"qodef-e-read-more\">\n\t\t<a class=\"qodef-shortcode qodef-m qodef-button qodef-layout--textual qodef-html--link\" href=\"https:\/\/www.ruydelacerda.pt\/en\/day-to-day-at-ruy-de-lacerda-vasco-oliveira-transforming-challenges-into-solutions-for-industry-for-over-18-years\/\" target=\"_self\"  >\t<span class=\"qodef-m-text\">Read More<\/span>\t<span class=\"qodef-m-icon\"><svg class=\"qodef-svg--button-arrow\" xmlns=\"http:\/\/www.w3.org\/2000\/svg\"     xmlns:xlink=\"http:\/\/www.w3.org\/1999\/xlink\" x=\"0px\" y=\"0px\" width=\"17\"     viewBox=\"0 0 17 20\" style=\"enable-background:new 0 0 17 20;\" xml:space=\"preserve\"><polyline class=\"qodef-m-arrow\" points=\"7.1,3.9 13,9.8 7.1,15.9 \"\/><rect class=\"qodef-m-line\"  width=\"1\" height=\"20\"\/><\/svg><\/span><\/a>\t<\/div>\n\t\t\t\t<\/div>\n\t\t\t\t<div class=\"qodef-e-right qodef-e-info\">\n\t\t\t\t\t<div class=\"qodef-e-info-item qodef-e-info-social-share\">\n\t<div class=\"qodef-shortcode qodef-m qodef-social-share clear qodef-layout--text\">\t\t<ul class=\"qodef-shortcode-list\">\t\t<li class=\"qodef-facebook-share\">\t<a itemprop=\"url\" class=\"qodef-share-link\" href=\"#\" onclick=\"window.open(&apos;https:\/\/www.facebook.com\/sharer.php?u=https%3A%2F%2Fwww.ruydelacerda.pt%2Fen%2Fday-to-day-at-ruy-de-lacerda-vasco-oliveira-transforming-challenges-into-solutions-for-industry-for-over-18-years%2F&apos;, &apos;sharer&apos;, &apos;toolbar=0,status=0,width=620,height=280&apos;);\">\t\t\t\t\t<span class=\"qodef-social-network-text\">fb<\/span>\t\t\t<\/a><\/li><li class=\"qodef-linkedin-share\">\t<a itemprop=\"url\" class=\"qodef-share-link\" href=\"#\" onclick=\"popUp=window.open(&apos;https:\/\/www.linkedin.com\/sharing\/share-offsite?url==https%3A%2F%2Fwww.ruydelacerda.pt%2Fen%2Fday-to-day-at-ruy-de-lacerda-vasco-oliveira-transforming-challenges-into-solutions-for-industry-for-over-18-years%2F&amp;title=Day-to-Day+at+Ruy+de+Lacerda%3A+Vasco+Oliveira%2C+transforming+challenges+into+solutions+for+industry+for+over+18+years&apos;, &apos;popupwindow&apos;, &apos;scrollbars=yes,width=800,height=400&apos;);popUp.focus();return false;\">\t\t\t\t\t<span class=\"qodef-social-network-text\">ln<\/span>\t\t\t<\/a><\/li>\t<\/ul><\/div><\/div>\n\t\t\t\t<\/div>\n\t\t\t<\/div>\n\t\t<\/div>\n\t<\/div>\n<\/article>\n<article class=\"qodef-e qodef-blog-item qodef-grid-item qodef-item--full post-16421 post type-post status-publish format-standard has-post-thumbnail hentry category-pulp-paper-and-cardboard-industry\">\n\t<div class=\"qodef-e-inner\">\n\t\t<div class=\"qodef-e-media\">\n\t\t<div class=\"qodef-e-media-image\">\n\t\t<a itemprop=\"url\" href=\"https:\/\/www.ruydelacerda.pt\/en\/how-to-prepare-a-paper-mill-for-the-next-10-years\/\">\n\t\t\t<img loading=\"lazy\" decoding=\"async\" width=\"1920\" height=\"1080\" src=\"https:\/\/www.ruydelacerda.pt\/wp-content\/uploads\/2026\/08\/Capa-LinkdIn-Artigo-Pasta-Papel-Cartao.jpg\" class=\"attachment-full size-full wp-post-image\" alt=\"\" srcset=\"https:\/\/www.ruydelacerda.pt\/wp-content\/uploads\/2026\/08\/Capa-LinkdIn-Artigo-Pasta-Papel-Cartao.jpg 1920w, https:\/\/www.ruydelacerda.pt\/wp-content\/uploads\/2026\/08\/Capa-LinkdIn-Artigo-Pasta-Papel-Cartao-300x169.jpg 300w, https:\/\/www.ruydelacerda.pt\/wp-content\/uploads\/2026\/08\/Capa-LinkdIn-Artigo-Pasta-Papel-Cartao-1024x576.jpg 1024w, https:\/\/www.ruydelacerda.pt\/wp-content\/uploads\/2026\/08\/Capa-LinkdIn-Artigo-Pasta-Papel-Cartao-768x432.jpg 768w, https:\/\/www.ruydelacerda.pt\/wp-content\/uploads\/2026\/08\/Capa-LinkdIn-Artigo-Pasta-Papel-Cartao-1536x864.jpg 1536w, https:\/\/www.ruydelacerda.pt\/wp-content\/uploads\/2026\/08\/Capa-LinkdIn-Artigo-Pasta-Papel-Cartao-600x338.jpg 600w\" sizes=\"(max-width: 1920px) 100vw, 1920px\" \/>\t\t<\/a>\n\t<\/div>\n<\/div>\n\t\t<div class=\"qodef-e-content\">\n\t\t\t<div class=\"qodef-e-top-holder\">\n\t\t\t\t<div class=\"qodef-e-info\">\n\t\t\t\t\t<a itemprop=\"dateCreated\" href=\"https:\/\/www.ruydelacerda.pt\/en\/2026\/08\/\" class=\"entry-date \">\n\t07\/08\/2026<\/a><div class=\"qodef-info-separator-end\"><\/div>\n<a itemprop=\"author\" href=\"https:\/\/www.ruydelacerda.pt\/en\/author\/rdl_user\/\" class=\"qodef-e-info-author\">\n\tBy\trdl_user<\/a>\n<div class=\"qodef-info-separator-end\"><\/div>\n<a href=\"https:\/\/www.ruydelacerda.pt\/en\/category\/pulp-paper-and-cardboard-industry\/\" rel=\"tag\">Pulp, Paper and Cardboard Industry<\/a><div class=\"qodef-info-separator-end\"><\/div>\n\t\t\t\t<\/div>\n\t\t\t<\/div>\n\t\t\t<div class=\"qodef-e-text\">\n\t\t\t\t<h2 itemprop=\"name\" class=\"qodef-e-title entry-title\" >\n\t<a itemprop=\"url\" class=\"qodef-e-title-link\" href=\"https:\/\/www.ruydelacerda.pt\/en\/how-to-prepare-a-paper-mill-for-the-next-10-years\/\">\n\t\tHow to Prepare a Paper Mill for the Next 10 Years\t<\/a>\n<\/h2>\n\t\t<p itemprop=\"description\" class=\"qodef-e-excerpt\">The paper industry is undergoing a transformation. Declining consumption, sustainability concerns, and evolving market needs are forcing paper mills to think long term...<\/p>\n\t\t\t\t\t<\/div>\n\t\t\t<div class=\"qodef-e-bottom-holder\">\n\t\t\t\t<div class=\"qodef-e-left\">\n\t\t\t\t\t\t<div class=\"qodef-e-read-more\">\n\t\t<a class=\"qodef-shortcode qodef-m qodef-button qodef-layout--textual qodef-html--link\" href=\"https:\/\/www.ruydelacerda.pt\/en\/how-to-prepare-a-paper-mill-for-the-next-10-years\/\" target=\"_self\"  >\t<span class=\"qodef-m-text\">Read More<\/span>\t<span class=\"qodef-m-icon\"><svg class=\"qodef-svg--button-arrow\" xmlns=\"http:\/\/www.w3.org\/2000\/svg\"     xmlns:xlink=\"http:\/\/www.w3.org\/1999\/xlink\" x=\"0px\" y=\"0px\" width=\"17\"     viewBox=\"0 0 17 20\" style=\"enable-background:new 0 0 17 20;\" xml:space=\"preserve\"><polyline class=\"qodef-m-arrow\" points=\"7.1,3.9 13,9.8 7.1,15.9 \"\/><rect class=\"qodef-m-line\"  width=\"1\" height=\"20\"\/><\/svg><\/span><\/a>\t<\/div>\n\t\t\t\t<\/div>\n\t\t\t\t<div class=\"qodef-e-right qodef-e-info\">\n\t\t\t\t\t<div class=\"qodef-e-info-item qodef-e-info-social-share\">\n\t<div class=\"qodef-shortcode qodef-m qodef-social-share clear qodef-layout--text\">\t\t<ul class=\"qodef-shortcode-list\">\t\t<li class=\"qodef-facebook-share\">\t<a itemprop=\"url\" class=\"qodef-share-link\" href=\"#\" onclick=\"window.open(&apos;https:\/\/www.facebook.com\/sharer.php?u=https%3A%2F%2Fwww.ruydelacerda.pt%2Fen%2Fhow-to-prepare-a-paper-mill-for-the-next-10-years%2F&apos;, &apos;sharer&apos;, &apos;toolbar=0,status=0,width=620,height=280&apos;);\">\t\t\t\t\t<span class=\"qodef-social-network-text\">fb<\/span>\t\t\t<\/a><\/li><li class=\"qodef-linkedin-share\">\t<a itemprop=\"url\" class=\"qodef-share-link\" href=\"#\" onclick=\"popUp=window.open(&apos;https:\/\/www.linkedin.com\/sharing\/share-offsite?url==https%3A%2F%2Fwww.ruydelacerda.pt%2Fen%2Fhow-to-prepare-a-paper-mill-for-the-next-10-years%2F&amp;title=How+to+Prepare+a+Paper+Mill+for+the+Next+10+Years&apos;, &apos;popupwindow&apos;, &apos;scrollbars=yes,width=800,height=400&apos;);popUp.focus();return false;\">\t\t\t\t\t<span class=\"qodef-social-network-text\">ln<\/span>\t\t\t<\/a><\/li>\t<\/ul><\/div><\/div>\n\t\t\t\t<\/div>\n\t\t\t<\/div>\n\t\t<\/div>\n\t<\/div>\n<\/article>\n<article class=\"qodef-e qodef-blog-item qodef-grid-item qodef-item--full post-16411 post type-post status-publish format-standard has-post-thumbnail hentry category-pulp-paper-and-cardboard-industry\">\n\t<div class=\"qodef-e-inner\">\n\t\t<div class=\"qodef-e-media\">\n\t\t<div class=\"qodef-e-media-image\">\n\t\t<a itemprop=\"url\" href=\"https:\/\/www.ruydelacerda.pt\/en\/premium-consumables-vs-standard-consumables-are-they-worth-the-difference\/\">\n\t\t\t<img loading=\"lazy\" decoding=\"async\" width=\"1920\" height=\"1080\" src=\"https:\/\/www.ruydelacerda.pt\/wp-content\/uploads\/2026\/07\/Capa-LinkdIn-Artigo-Pasta-Papel-Cartao.jpg\" class=\"attachment-full size-full wp-post-image\" alt=\"\" srcset=\"https:\/\/www.ruydelacerda.pt\/wp-content\/uploads\/2026\/07\/Capa-LinkdIn-Artigo-Pasta-Papel-Cartao.jpg 1920w, https:\/\/www.ruydelacerda.pt\/wp-content\/uploads\/2026\/07\/Capa-LinkdIn-Artigo-Pasta-Papel-Cartao-300x169.jpg 300w, https:\/\/www.ruydelacerda.pt\/wp-content\/uploads\/2026\/07\/Capa-LinkdIn-Artigo-Pasta-Papel-Cartao-1024x576.jpg 1024w, https:\/\/www.ruydelacerda.pt\/wp-content\/uploads\/2026\/07\/Capa-LinkdIn-Artigo-Pasta-Papel-Cartao-768x432.jpg 768w, https:\/\/www.ruydelacerda.pt\/wp-content\/uploads\/2026\/07\/Capa-LinkdIn-Artigo-Pasta-Papel-Cartao-1536x864.jpg 1536w, https:\/\/www.ruydelacerda.pt\/wp-content\/uploads\/2026\/07\/Capa-LinkdIn-Artigo-Pasta-Papel-Cartao-600x338.jpg 600w\" sizes=\"(max-width: 1920px) 100vw, 1920px\" \/>\t\t<\/a>\n\t<\/div>\n<\/div>\n\t\t<div class=\"qodef-e-content\">\n\t\t\t<div class=\"qodef-e-top-holder\">\n\t\t\t\t<div class=\"qodef-e-info\">\n\t\t\t\t\t<a itemprop=\"dateCreated\" href=\"https:\/\/www.ruydelacerda.pt\/en\/2026\/07\/\" class=\"entry-date \">\n\t31\/07\/2026<\/a><div class=\"qodef-info-separator-end\"><\/div>\n<a itemprop=\"author\" href=\"https:\/\/www.ruydelacerda.pt\/en\/author\/rdl_user\/\" class=\"qodef-e-info-author\">\n\tBy\trdl_user<\/a>\n<div class=\"qodef-info-separator-end\"><\/div>\n<a href=\"https:\/\/www.ruydelacerda.pt\/en\/category\/pulp-paper-and-cardboard-industry\/\" rel=\"tag\">Pulp, Paper and Cardboard Industry<\/a><div class=\"qodef-info-separator-end\"><\/div>\n\t\t\t\t<\/div>\n\t\t\t<\/div>\n\t\t\t<div class=\"qodef-e-text\">\n\t\t\t\t<h2 itemprop=\"name\" class=\"qodef-e-title entry-title\" >\n\t<a itemprop=\"url\" class=\"qodef-e-title-link\" href=\"https:\/\/www.ruydelacerda.pt\/en\/premium-consumables-vs-standard-consumables-are-they-worth-the-difference\/\">\n\t\tPremium Consumables vs. Standard Consumables: Are They Worth the Difference?\t<\/a>\n<\/h2>\n\t\t<p itemprop=\"description\" class=\"qodef-e-excerpt\">When it comes to purchasing industrial consumables, the purchase price is often the primary deciding factor. However, a more comprehensive analysis shows that the true cost goes far beyond the initial investment...<\/p>\n\t\t\t\t\t<\/div>\n\t\t\t<div class=\"qodef-e-bottom-holder\">\n\t\t\t\t<div class=\"qodef-e-left\">\n\t\t\t\t\t\t<div class=\"qodef-e-read-more\">\n\t\t<a class=\"qodef-shortcode qodef-m qodef-button qodef-layout--textual qodef-html--link\" href=\"https:\/\/www.ruydelacerda.pt\/en\/premium-consumables-vs-standard-consumables-are-they-worth-the-difference\/\" target=\"_self\"  >\t<span class=\"qodef-m-text\">Read More<\/span>\t<span class=\"qodef-m-icon\"><svg class=\"qodef-svg--button-arrow\" xmlns=\"http:\/\/www.w3.org\/2000\/svg\"     xmlns:xlink=\"http:\/\/www.w3.org\/1999\/xlink\" x=\"0px\" y=\"0px\" width=\"17\"     viewBox=\"0 0 17 20\" style=\"enable-background:new 0 0 17 20;\" xml:space=\"preserve\"><polyline class=\"qodef-m-arrow\" points=\"7.1,3.9 13,9.8 7.1,15.9 \"\/><rect class=\"qodef-m-line\"  width=\"1\" height=\"20\"\/><\/svg><\/span><\/a>\t<\/div>\n\t\t\t\t<\/div>\n\t\t\t\t<div class=\"qodef-e-right qodef-e-info\">\n\t\t\t\t\t<div class=\"qodef-e-info-item qodef-e-info-social-share\">\n\t<div class=\"qodef-shortcode qodef-m qodef-social-share clear qodef-layout--text\">\t\t<ul class=\"qodef-shortcode-list\">\t\t<li class=\"qodef-facebook-share\">\t<a itemprop=\"url\" class=\"qodef-share-link\" href=\"#\" onclick=\"window.open(&apos;https:\/\/www.facebook.com\/sharer.php?u=https%3A%2F%2Fwww.ruydelacerda.pt%2Fen%2Fpremium-consumables-vs-standard-consumables-are-they-worth-the-difference%2F&apos;, &apos;sharer&apos;, &apos;toolbar=0,status=0,width=620,height=280&apos;);\">\t\t\t\t\t<span class=\"qodef-social-network-text\">fb<\/span>\t\t\t<\/a><\/li><li class=\"qodef-linkedin-share\">\t<a itemprop=\"url\" class=\"qodef-share-link\" href=\"#\" onclick=\"popUp=window.open(&apos;https:\/\/www.linkedin.com\/sharing\/share-offsite?url==https%3A%2F%2Fwww.ruydelacerda.pt%2Fen%2Fpremium-consumables-vs-standard-consumables-are-they-worth-the-difference%2F&amp;title=Premium+Consumables+vs.+Standard+Consumables%3A+Are+They+Worth+the+Difference%3F&apos;, &apos;popupwindow&apos;, &apos;scrollbars=yes,width=800,height=400&apos;);popUp.focus();return false;\">\t\t\t\t\t<span class=\"qodef-social-network-text\">ln<\/span>\t\t\t<\/a><\/li>\t<\/ul><\/div><\/div>\n\t\t\t\t<\/div>\n\t\t\t<\/div>\n\t\t<\/div>\n\t<\/div>\n<\/article>\n<article class=\"qodef-e qodef-blog-item qodef-grid-item qodef-item--full post-16399 post type-post status-publish format-standard has-post-thumbnail hentry category-industrial-installation-and-maintenance\">\n\t<div class=\"qodef-e-inner\">\n\t\t<div class=\"qodef-e-media\">\n\t\t<div class=\"qodef-e-media-image\">\n\t\t<a itemprop=\"url\" href=\"https:\/\/www.ruydelacerda.pt\/en\/automated-production-and-warehousing-integration-installation-and-industrial-maintenance\/\">\n\t\t\t<img loading=\"lazy\" decoding=\"async\" width=\"1920\" height=\"1080\" src=\"https:\/\/www.ruydelacerda.pt\/wp-content\/uploads\/2026\/07\/Capa-LinkdIn-Artigo-Manutencao-Industrial.jpg\" class=\"attachment-full size-full wp-post-image\" alt=\"\" srcset=\"https:\/\/www.ruydelacerda.pt\/wp-content\/uploads\/2026\/07\/Capa-LinkdIn-Artigo-Manutencao-Industrial.jpg 1920w, https:\/\/www.ruydelacerda.pt\/wp-content\/uploads\/2026\/07\/Capa-LinkdIn-Artigo-Manutencao-Industrial-300x169.jpg 300w, https:\/\/www.ruydelacerda.pt\/wp-content\/uploads\/2026\/07\/Capa-LinkdIn-Artigo-Manutencao-Industrial-1024x576.jpg 1024w, https:\/\/www.ruydelacerda.pt\/wp-content\/uploads\/2026\/07\/Capa-LinkdIn-Artigo-Manutencao-Industrial-768x432.jpg 768w, https:\/\/www.ruydelacerda.pt\/wp-content\/uploads\/2026\/07\/Capa-LinkdIn-Artigo-Manutencao-Industrial-1536x864.jpg 1536w, https:\/\/www.ruydelacerda.pt\/wp-content\/uploads\/2026\/07\/Capa-LinkdIn-Artigo-Manutencao-Industrial-600x338.jpg 600w\" sizes=\"(max-width: 1920px) 100vw, 1920px\" \/>\t\t<\/a>\n\t<\/div>\n<\/div>\n\t\t<div class=\"qodef-e-content\">\n\t\t\t<div class=\"qodef-e-top-holder\">\n\t\t\t\t<div class=\"qodef-e-info\">\n\t\t\t\t\t<a itemprop=\"dateCreated\" href=\"https:\/\/www.ruydelacerda.pt\/en\/2026\/07\/\" class=\"entry-date \">\n\t29\/07\/2026<\/a><div class=\"qodef-info-separator-end\"><\/div>\n<a itemprop=\"author\" href=\"https:\/\/www.ruydelacerda.pt\/en\/author\/rdl_user\/\" class=\"qodef-e-info-author\">\n\tBy\trdl_user<\/a>\n<div class=\"qodef-info-separator-end\"><\/div>\n<a href=\"https:\/\/www.ruydelacerda.pt\/en\/category\/industrial-installation-and-maintenance\/\" rel=\"tag\">Industrial Installation and Maintenance<\/a><div class=\"qodef-info-separator-end\"><\/div>\n\t\t\t\t<\/div>\n\t\t\t<\/div>\n\t\t\t<div class=\"qodef-e-text\">\n\t\t\t\t<h2 itemprop=\"name\" class=\"qodef-e-title entry-title\" >\n\t<a itemprop=\"url\" class=\"qodef-e-title-link\" href=\"https:\/\/www.ruydelacerda.pt\/en\/automated-production-and-warehousing-integration-installation-and-industrial-maintenance\/\">\n\t\tAutomated Production and Warehousing: Integration, Installation and Industrial Maintenance\t<\/a>\n<\/h2>\n\t\t<p itemprop=\"description\" class=\"qodef-e-excerpt\">The automation of production and warehousing processes is essential for companies that seek to increase efficiency, reduce costs, and respond more quickly to the demands of the market...<\/p>\n\t\t\t\t\t<\/div>\n\t\t\t<div class=\"qodef-e-bottom-holder\">\n\t\t\t\t<div class=\"qodef-e-left\">\n\t\t\t\t\t\t<div class=\"qodef-e-read-more\">\n\t\t<a class=\"qodef-shortcode qodef-m qodef-button qodef-layout--textual qodef-html--link\" href=\"https:\/\/www.ruydelacerda.pt\/en\/automated-production-and-warehousing-integration-installation-and-industrial-maintenance\/\" target=\"_self\"  >\t<span class=\"qodef-m-text\">Read More<\/span>\t<span class=\"qodef-m-icon\"><svg class=\"qodef-svg--button-arrow\" xmlns=\"http:\/\/www.w3.org\/2000\/svg\"     xmlns:xlink=\"http:\/\/www.w3.org\/1999\/xlink\" x=\"0px\" y=\"0px\" width=\"17\"     viewBox=\"0 0 17 20\" style=\"enable-background:new 0 0 17 20;\" xml:space=\"preserve\"><polyline class=\"qodef-m-arrow\" points=\"7.1,3.9 13,9.8 7.1,15.9 \"\/><rect class=\"qodef-m-line\"  width=\"1\" height=\"20\"\/><\/svg><\/span><\/a>\t<\/div>\n\t\t\t\t<\/div>\n\t\t\t\t<div class=\"qodef-e-right qodef-e-info\">\n\t\t\t\t\t<div class=\"qodef-e-info-item qodef-e-info-social-share\">\n\t<div class=\"qodef-shortcode qodef-m qodef-social-share clear qodef-layout--text\">\t\t<ul class=\"qodef-shortcode-list\">\t\t<li class=\"qodef-facebook-share\">\t<a itemprop=\"url\" class=\"qodef-share-link\" href=\"#\" onclick=\"window.open(&apos;https:\/\/www.facebook.com\/sharer.php?u=https%3A%2F%2Fwww.ruydelacerda.pt%2Fen%2Fautomated-production-and-warehousing-integration-installation-and-industrial-maintenance%2F&apos;, &apos;sharer&apos;, &apos;toolbar=0,status=0,width=620,height=280&apos;);\">\t\t\t\t\t<span class=\"qodef-social-network-text\">fb<\/span>\t\t\t<\/a><\/li><li class=\"qodef-linkedin-share\">\t<a itemprop=\"url\" class=\"qodef-share-link\" href=\"#\" onclick=\"popUp=window.open(&apos;https:\/\/www.linkedin.com\/sharing\/share-offsite?url==https%3A%2F%2Fwww.ruydelacerda.pt%2Fen%2Fautomated-production-and-warehousing-integration-installation-and-industrial-maintenance%2F&amp;title=Automated+Production+and+Warehousing%3A+Integration%2C+Installation+and+Industrial+Maintenance&apos;, &apos;popupwindow&apos;, &apos;scrollbars=yes,width=800,height=400&apos;);popUp.focus();return false;\">\t\t\t\t\t<span class=\"qodef-social-network-text\">ln<\/span>\t\t\t<\/a><\/li>\t<\/ul><\/div><\/div>\n\t\t\t\t<\/div>\n\t\t\t<\/div>\n\t\t<\/div>\n\t<\/div>\n<\/article>\n<article class=\"qodef-e qodef-blog-item qodef-grid-item qodef-item--full post-16389 post type-post status-publish format-standard has-post-thumbnail hentry category-rdl-institutional\">\n\t<div class=\"qodef-e-inner\">\n\t\t<div class=\"qodef-e-media\">\n\t\t<div class=\"qodef-e-media-image\">\n\t\t<a itemprop=\"url\" href=\"https:\/\/www.ruydelacerda.pt\/en\/today-we-celebrate-sonia-carneiro-who-is-celebrating-her-birthday\/\">\n\t\t\t<img loading=\"lazy\" decoding=\"async\" width=\"1920\" height=\"1080\" src=\"https:\/\/www.ruydelacerda.pt\/wp-content\/uploads\/2026\/07\/Capa-LinkdIn-Artigo-01-Institucional-1.jpg\" class=\"attachment-full size-full wp-post-image\" alt=\"\" srcset=\"https:\/\/www.ruydelacerda.pt\/wp-content\/uploads\/2026\/07\/Capa-LinkdIn-Artigo-01-Institucional-1.jpg 1920w, https:\/\/www.ruydelacerda.pt\/wp-content\/uploads\/2026\/07\/Capa-LinkdIn-Artigo-01-Institucional-1-300x169.jpg 300w, https:\/\/www.ruydelacerda.pt\/wp-content\/uploads\/2026\/07\/Capa-LinkdIn-Artigo-01-Institucional-1-1024x576.jpg 1024w, https:\/\/www.ruydelacerda.pt\/wp-content\/uploads\/2026\/07\/Capa-LinkdIn-Artigo-01-Institucional-1-768x432.jpg 768w, https:\/\/www.ruydelacerda.pt\/wp-content\/uploads\/2026\/07\/Capa-LinkdIn-Artigo-01-Institucional-1-1536x864.jpg 1536w, https:\/\/www.ruydelacerda.pt\/wp-content\/uploads\/2026\/07\/Capa-LinkdIn-Artigo-01-Institucional-1-600x338.jpg 600w\" sizes=\"(max-width: 1920px) 100vw, 1920px\" \/>\t\t<\/a>\n\t<\/div>\n<\/div>\n\t\t<div class=\"qodef-e-content\">\n\t\t\t<div class=\"qodef-e-top-holder\">\n\t\t\t\t<div class=\"qodef-e-info\">\n\t\t\t\t\t<a itemprop=\"dateCreated\" href=\"https:\/\/www.ruydelacerda.pt\/en\/2026\/07\/\" class=\"entry-date \">\n\t25\/07\/2026<\/a><div class=\"qodef-info-separator-end\"><\/div>\n<a itemprop=\"author\" href=\"https:\/\/www.ruydelacerda.pt\/en\/author\/rdl_user\/\" class=\"qodef-e-info-author\">\n\tBy\trdl_user<\/a>\n<div class=\"qodef-info-separator-end\"><\/div>\n<a href=\"https:\/\/www.ruydelacerda.pt\/en\/category\/rdl-institutional\/\" rel=\"tag\">RDL | Institutional<\/a><div class=\"qodef-info-separator-end\"><\/div>\n\t\t\t\t<\/div>\n\t\t\t<\/div>\n\t\t\t<div class=\"qodef-e-text\">\n\t\t\t\t<h2 itemprop=\"name\" class=\"qodef-e-title entry-title\" >\n\t<a itemprop=\"url\" class=\"qodef-e-title-link\" href=\"https:\/\/www.ruydelacerda.pt\/en\/today-we-celebrate-sonia-carneiro-who-is-celebrating-her-birthday\/\">\n\t\tToday we celebrate S\u00f3nia Carneiro, who is celebrating her birthday!\t<\/a>\n<\/h2>\n\t\t<p itemprop=\"description\" class=\"qodef-e-excerpt\">Hoje, a S\u00f3nia Carneiro celebra o seu anivers\u00e1rio e aproveitamos a ocasi\u00e3o para destacar o papel t\u00e3o importante que desempenha no dia a dia da Ruy de Lacerda como assistente comercial...<\/p>\n\t\t\t\t\t<\/div>\n\t\t\t<div class=\"qodef-e-bottom-holder\">\n\t\t\t\t<div class=\"qodef-e-left\">\n\t\t\t\t\t\t<div class=\"qodef-e-read-more\">\n\t\t<a class=\"qodef-shortcode qodef-m qodef-button qodef-layout--textual qodef-html--link\" href=\"https:\/\/www.ruydelacerda.pt\/en\/today-we-celebrate-sonia-carneiro-who-is-celebrating-her-birthday\/\" target=\"_self\"  >\t<span class=\"qodef-m-text\">Read More<\/span>\t<span class=\"qodef-m-icon\"><svg class=\"qodef-svg--button-arrow\" xmlns=\"http:\/\/www.w3.org\/2000\/svg\"     xmlns:xlink=\"http:\/\/www.w3.org\/1999\/xlink\" x=\"0px\" y=\"0px\" width=\"17\"     viewBox=\"0 0 17 20\" style=\"enable-background:new 0 0 17 20;\" xml:space=\"preserve\"><polyline class=\"qodef-m-arrow\" points=\"7.1,3.9 13,9.8 7.1,15.9 \"\/><rect class=\"qodef-m-line\"  width=\"1\" height=\"20\"\/><\/svg><\/span><\/a>\t<\/div>\n\t\t\t\t<\/div>\n\t\t\t\t<div class=\"qodef-e-right qodef-e-info\">\n\t\t\t\t\t<div class=\"qodef-e-info-item qodef-e-info-social-share\">\n\t<div class=\"qodef-shortcode qodef-m qodef-social-share clear qodef-layout--text\">\t\t<ul class=\"qodef-shortcode-list\">\t\t<li class=\"qodef-facebook-share\">\t<a itemprop=\"url\" class=\"qodef-share-link\" href=\"#\" onclick=\"window.open(&apos;https:\/\/www.facebook.com\/sharer.php?u=https%3A%2F%2Fwww.ruydelacerda.pt%2Fen%2Ftoday-we-celebrate-sonia-carneiro-who-is-celebrating-her-birthday%2F&apos;, &apos;sharer&apos;, &apos;toolbar=0,status=0,width=620,height=280&apos;);\">\t\t\t\t\t<span class=\"qodef-social-network-text\">fb<\/span>\t\t\t<\/a><\/li><li class=\"qodef-linkedin-share\">\t<a itemprop=\"url\" class=\"qodef-share-link\" href=\"#\" onclick=\"popUp=window.open(&apos;https:\/\/www.linkedin.com\/sharing\/share-offsite?url==https%3A%2F%2Fwww.ruydelacerda.pt%2Fen%2Ftoday-we-celebrate-sonia-carneiro-who-is-celebrating-her-birthday%2F&amp;title=Today+we+celebrate+S%C3%B3nia+Carneiro%2C+who+is+celebrating+her+birthday%21&apos;, &apos;popupwindow&apos;, &apos;scrollbars=yes,width=800,height=400&apos;);popUp.focus();return false;\">\t\t\t\t\t<span class=\"qodef-social-network-text\">ln<\/span>\t\t\t<\/a><\/li>\t<\/ul><\/div><\/div>\n\t\t\t\t<\/div>\n\t\t\t<\/div>\n\t\t<\/div>\n\t<\/div>\n<\/article>\n<article class=\"qodef-e qodef-blog-item qodef-grid-item qodef-item--full post-16377 post type-post status-publish format-standard has-post-thumbnail hentry category-circular-economy\">\n\t<div class=\"qodef-e-inner\">\n\t\t<div class=\"qodef-e-media\">\n\t\t<div class=\"qodef-e-media-image\">\n\t\t<a itemprop=\"url\" href=\"https:\/\/www.ruydelacerda.pt\/en\/plastics-recycling-with-a-focus-on-premium-quality\/\">\n\t\t\t<img loading=\"lazy\" decoding=\"async\" width=\"1920\" height=\"1080\" src=\"https:\/\/www.ruydelacerda.pt\/wp-content\/uploads\/2026\/07\/Capa-LinkdIn-Artigo-Economia-Circular.jpg\" class=\"attachment-full size-full wp-post-image\" alt=\"\" srcset=\"https:\/\/www.ruydelacerda.pt\/wp-content\/uploads\/2026\/07\/Capa-LinkdIn-Artigo-Economia-Circular.jpg 1920w, https:\/\/www.ruydelacerda.pt\/wp-content\/uploads\/2026\/07\/Capa-LinkdIn-Artigo-Economia-Circular-300x169.jpg 300w, https:\/\/www.ruydelacerda.pt\/wp-content\/uploads\/2026\/07\/Capa-LinkdIn-Artigo-Economia-Circular-1024x576.jpg 1024w, https:\/\/www.ruydelacerda.pt\/wp-content\/uploads\/2026\/07\/Capa-LinkdIn-Artigo-Economia-Circular-768x432.jpg 768w, https:\/\/www.ruydelacerda.pt\/wp-content\/uploads\/2026\/07\/Capa-LinkdIn-Artigo-Economia-Circular-1536x864.jpg 1536w, https:\/\/www.ruydelacerda.pt\/wp-content\/uploads\/2026\/07\/Capa-LinkdIn-Artigo-Economia-Circular-600x338.jpg 600w\" sizes=\"(max-width: 1920px) 100vw, 1920px\" \/>\t\t<\/a>\n\t<\/div>\n<\/div>\n\t\t<div class=\"qodef-e-content\">\n\t\t\t<div class=\"qodef-e-top-holder\">\n\t\t\t\t<div class=\"qodef-e-info\">\n\t\t\t\t\t<a itemprop=\"dateCreated\" href=\"https:\/\/www.ruydelacerda.pt\/en\/2026\/07\/\" class=\"entry-date \">\n\t23\/07\/2026<\/a><div class=\"qodef-info-separator-end\"><\/div>\n<a itemprop=\"author\" href=\"https:\/\/www.ruydelacerda.pt\/en\/author\/rdl_user\/\" class=\"qodef-e-info-author\">\n\tBy\trdl_user<\/a>\n<div class=\"qodef-info-separator-end\"><\/div>\n<a href=\"https:\/\/www.ruydelacerda.pt\/en\/category\/circular-economy\/\" rel=\"tag\">Circular Economy<\/a><div class=\"qodef-info-separator-end\"><\/div>\n\t\t\t\t<\/div>\n\t\t\t<\/div>\n\t\t\t<div class=\"qodef-e-text\">\n\t\t\t\t<h2 itemprop=\"name\" class=\"qodef-e-title entry-title\" >\n\t<a itemprop=\"url\" class=\"qodef-e-title-link\" href=\"https:\/\/www.ruydelacerda.pt\/en\/plastics-recycling-with-a-focus-on-premium-quality\/\">\n\t\tPlastics recycling with a focus on premium quality\t<\/a>\n<\/h2>\n\t\t<p itemprop=\"description\" class=\"qodef-e-excerpt\">Plastics recycling is no longer limited to waste reduction. The industry is looking for high-quality recycled materials with consistent properties that can be used in increasingly demanding applications...<\/p>\n\t\t\t\t\t<\/div>\n\t\t\t<div class=\"qodef-e-bottom-holder\">\n\t\t\t\t<div class=\"qodef-e-left\">\n\t\t\t\t\t\t<div class=\"qodef-e-read-more\">\n\t\t<a class=\"qodef-shortcode qodef-m qodef-button qodef-layout--textual qodef-html--link\" href=\"https:\/\/www.ruydelacerda.pt\/en\/plastics-recycling-with-a-focus-on-premium-quality\/\" target=\"_self\"  >\t<span class=\"qodef-m-text\">Read More<\/span>\t<span class=\"qodef-m-icon\"><svg class=\"qodef-svg--button-arrow\" xmlns=\"http:\/\/www.w3.org\/2000\/svg\"     xmlns:xlink=\"http:\/\/www.w3.org\/1999\/xlink\" x=\"0px\" y=\"0px\" width=\"17\"     viewBox=\"0 0 17 20\" style=\"enable-background:new 0 0 17 20;\" xml:space=\"preserve\"><polyline class=\"qodef-m-arrow\" points=\"7.1,3.9 13,9.8 7.1,15.9 \"\/><rect class=\"qodef-m-line\"  width=\"1\" height=\"20\"\/><\/svg><\/span><\/a>\t<\/div>\n\t\t\t\t<\/div>\n\t\t\t\t<div class=\"qodef-e-right qodef-e-info\">\n\t\t\t\t\t<div class=\"qodef-e-info-item qodef-e-info-social-share\">\n\t<div class=\"qodef-shortcode qodef-m qodef-social-share clear qodef-layout--text\">\t\t<ul class=\"qodef-shortcode-list\">\t\t<li class=\"qodef-facebook-share\">\t<a itemprop=\"url\" class=\"qodef-share-link\" href=\"#\" onclick=\"window.open(&apos;https:\/\/www.facebook.com\/sharer.php?u=https%3A%2F%2Fwww.ruydelacerda.pt%2Fen%2Fplastics-recycling-with-a-focus-on-premium-quality%2F&apos;, &apos;sharer&apos;, &apos;toolbar=0,status=0,width=620,height=280&apos;);\">\t\t\t\t\t<span class=\"qodef-social-network-text\">fb<\/span>\t\t\t<\/a><\/li><li class=\"qodef-linkedin-share\">\t<a itemprop=\"url\" class=\"qodef-share-link\" href=\"#\" onclick=\"popUp=window.open(&apos;https:\/\/www.linkedin.com\/sharing\/share-offsite?url==https%3A%2F%2Fwww.ruydelacerda.pt%2Fen%2Fplastics-recycling-with-a-focus-on-premium-quality%2F&amp;title=Plastics+recycling+with+a+focus+on+premium+quality&apos;, &apos;popupwindow&apos;, &apos;scrollbars=yes,width=800,height=400&apos;);popUp.focus();return false;\">\t\t\t\t\t<span class=\"qodef-social-network-text\">ln<\/span>\t\t\t<\/a><\/li>\t<\/ul><\/div><\/div>\n\t\t\t\t<\/div>\n\t\t\t<\/div>\n\t\t<\/div>\n\t<\/div>\n<\/article>\n\t<\/div>\n\t\t<div class=\"qodef-m-pagination qodef--standard\">\n\t\t<div class=\"qodef-m-pagination-inner\">\n\t\t\t<nav class=\"qodef-m-pagination-items\">\n\t\t\t\t<a class=\"qodef-m-pagination-item qodef--prev qodef--hide\" href=\"#\" data-paged=\"1\">\n\t\t\t\t\t<svg class=\"qodef-svg--pagination-arrow-left\" xmlns=\"http:\/\/www.w3.org\/2000\/svg\"\n     xmlns:xlink=\"http:\/\/www.w3.org\/1999\/xlink\" x=\"0px\" y=\"0px\" width=\"17\"\n     viewBox=\"0 0 17 20\" style=\"enable-background:new 0 0 17 20;\" xml:space=\"preserve\"><polyline class=\"qodef-m-arrow\" points=\"9.8,15.9 3.9,9.8 9.8,3.9 \"\/><rect class=\"qodef-m-line\" x=\"16\" y=\"0\" width=\"1\" height=\"20\"\/><\/svg>\t\t\t\t<\/a>\n\t\t\t\t\t\t\t\t\t<a class=\"qodef-m-pagination-item qodef--number qodef--number-1 qodef--active qodef-prev--hidden\" href=\"#\" data-paged=\"1\"> 1<\/a>\n\t\t\t\t\t\t\t\t\t\t\t\t\t\t<a class=\"qodef-m-pagination-item qodef--number qodef--number-2 \" href=\"#\" data-paged=\"2\"> 2<\/a>\n\t\t\t\t\t\t\t\t\t\t\t\t\t\t<a class=\"qodef-m-pagination-item qodef--number qodef--number-3 qodef--hide\" href=\"#\" data-paged=\"3\"> 3<\/a>\n\t\t\t\t\t<span class=\"qodef-m-pagination-item qodef--dots\">&hellip;<\/span>\t\t\t\t\t\t\t\t\t<a class=\"qodef-m-pagination-item qodef--number qodef--number-4 qodef--hide\" href=\"#\" data-paged=\"4\"> 4<\/a>\n\t\t\t\t\t\t\t\t\t\t\t\t\t\t<a class=\"qodef-m-pagination-item qodef--number qodef--number-5 qodef--hide\" href=\"#\" data-paged=\"5\"> 5<\/a>\n\t\t\t\t\t\t\t\t\t\t\t\t\t\t<a class=\"qodef-m-pagination-item qodef--number qodef--number-6 qodef--hide\" href=\"#\" data-paged=\"6\"> 6<\/a>\n\t\t\t\t\t\t\t\t\t\t\t\t\t\t<a class=\"qodef-m-pagination-item qodef--number qodef--number-7 qodef--hide\" href=\"#\" data-paged=\"7\"> 7<\/a>\n\t\t\t\t\t\t\t\t\t\t\t\t\t\t<a class=\"qodef-m-pagination-item qodef--number qodef--number-8 qodef--hide\" href=\"#\" data-paged=\"8\"> 8<\/a>\n\t\t\t\t\t\t\t\t\t\t\t\t\t\t<a class=\"qodef-m-pagination-item qodef--number qodef--number-9 qodef--hide\" href=\"#\" data-paged=\"9\"> 9<\/a>\n\t\t\t\t\t\t\t\t\t\t\t\t\t\t<a class=\"qodef-m-pagination-item qodef--number qodef--number-10 qodef--hide\" href=\"#\" data-paged=\"10\">10<\/a>\n\t\t\t\t\t\t\t\t\t\t\t\t\t\t<a class=\"qodef-m-pagination-item qodef--number qodef--number-11 qodef--hide\" href=\"#\" data-paged=\"11\">11<\/a>\n\t\t\t\t\t\t\t\t\t\t\t\t\t\t<a class=\"qodef-m-pagination-item qodef--number qodef--number-12 qodef--hide\" href=\"#\" data-paged=\"12\">12<\/a>\n\t\t\t\t\t\t\t\t\t\t\t\t\t\t<a class=\"qodef-m-pagination-item qodef--number qodef--number-13 qodef--hide\" href=\"#\" data-paged=\"13\">13<\/a>\n\t\t\t\t\t\t\t\t\t\t\t\t\t\t<a class=\"qodef-m-pagination-item qodef--number qodef--number-14 qodef--hide\" href=\"#\" data-paged=\"14\">14<\/a>\n\t\t\t\t\t\t\t\t\t\t\t\t\t\t<a class=\"qodef-m-pagination-item qodef--number qodef--number-15 qodef--hide\" href=\"#\" data-paged=\"15\">15<\/a>\n\t\t\t\t\t\t\t\t\t\t\t\t\t\t<a class=\"qodef-m-pagination-item qodef--number qodef--number-16 qodef--hide\" href=\"#\" data-paged=\"16\">16<\/a>\n\t\t\t\t\t\t\t\t\t\t\t\t\t\t<a class=\"qodef-m-pagination-item qodef--number qodef--number-17 \" href=\"#\" data-paged=\"17\">17<\/a>\n\t\t\t\t\t\t\t\t\t\t\t\t\t<a class=\"qodef-m-pagination-item qodef--next \" href=\"#\" data-paged=\"2\">\n\t\t\t\t\t<svg class=\"qodef-svg--pagination-arrow-right\" xmlns=\"http:\/\/www.w3.org\/2000\/svg\"\n     xmlns:xlink=\"http:\/\/www.w3.org\/1999\/xlink\" x=\"0px\" y=\"0px\" width=\"17\"\n     viewBox=\"0 0 17 20\" style=\"enable-background:new 0 0 17 20;\" xml:space=\"preserve\"><polyline class=\"qodef-m-arrow\" points=\"7.1,3.9 13,9.8 7.1,15.9 \"\/><rect class=\"qodef-m-line\"  width=\"1\" height=\"20\"\/><\/svg>\t\t\t\t<\/a>\n\t\t\t<\/nav>\n\t\t<\/div>\n\t<\/div>\n\t<svg class=\"qodef-svg--spinner qodef-m-pagination-spinner\" xmlns=\"http:\/\/www.w3.org\/2000\/svg\" width=\"512\" height=\"512\" viewBox=\"0 0 512 512\"><path d=\"M304 48c0 26.51-21.49 48-48 48s-48-21.49-48-48 21.49-48 48-48 48 21.49 48 48zm-48 368c-26.51 0-48 21.49-48 48s21.49 48 48 48 48-21.49 48-48-21.49-48-48-48zm208-208c-26.51 0-48 21.49-48 48s21.49 48 48 48 48-21.49 48-48-21.49-48-48-48zM96 256c0-26.51-21.49-48-48-48S0 229.49 0 256s21.49 48 48 48 48-21.49 48-48zm12.922 99.078c-26.51 0-48 21.49-48 48s21.49 48 48 48 48-21.49 48-48c0-26.509-21.491-48-48-48zm294.156 0c-26.51 0-48 21.49-48 48s21.49 48 48 48 48-21.49 48-48c0-26.509-21.49-48-48-48zM108.922 60.922c-26.51 0-48 21.49-48 48s21.49 48 48 48 48-21.49 48-48-21.491-48-48-48z\"><\/path><\/svg><\/div>\n\t\t\t\t<\/div>\n\t\t\t\t<\/div>\n\t\t\t\t\t<\/div>\n\t\t<\/div>\n\t\t\t\t\t<\/div>\n\t\t<\/section>\n\t\t\t\t<\/div>\n\t\t","protected":false},"excerpt":{"rendered":"<p>25\/09\/2025 By rdl_user Economia Circular \ud83c\udf0d 25 de setembro \u2013 Dia Nacional da Sustentabilidade Lorem ipsum dolor sit amet, consectetur adipiscing elit, sed do eiusmod tempor incididunt ut labore et dolore magna aliqua. A arcu cursus vitae congue mauris. Integer enim neque volutpat ac tincidunt vitae. Scelerisque eu ultrices vitae auctor eu augue ut. Rhoncus [&hellip;]<\/p>\n","protected":false},"author":1,"featured_media":0,"parent":0,"menu_order":0,"comment_status":"closed","ping_status":"closed","template":"","meta":{"_acf_changed":false,"_joinchat":[],"footnotes":""},"class_list":["post-14924","page","type-page","status-publish","hentry"],"acf":[],"_links":{"self":[{"href":"https:\/\/www.ruydelacerda.pt\/en\/wp-json\/wp\/v2\/pages\/14924","targetHints":{"allow":["GET"]}}],"collection":[{"href":"https:\/\/www.ruydelacerda.pt\/en\/wp-json\/wp\/v2\/pages"}],"about":[{"href":"https:\/\/www.ruydelacerda.pt\/en\/wp-json\/wp\/v2\/types\/page"}],"author":[{"embeddable":true,"href":"https:\/\/www.ruydelacerda.pt\/en\/wp-json\/wp\/v2\/users\/1"}],"replies":[{"embeddable":true,"href":"https:\/\/www.ruydelacerda.pt\/en\/wp-json\/wp\/v2\/comments?post=14924"}],"version-history":[{"count":2,"href":"https:\/\/www.ruydelacerda.pt\/en\/wp-json\/wp\/v2\/pages\/14924\/revisions"}],"predecessor-version":[{"id":15290,"href":"https:\/\/www.ruydelacerda.pt\/en\/wp-json\/wp\/v2\/pages\/14924\/revisions\/15290"}],"wp:attachment":[{"href":"https:\/\/www.ruydelacerda.pt\/en\/wp-json\/wp\/v2\/media?parent=14924"}],"curies":[{"name":"wp","href":"https:\/\/api.w.org\/{rel}","templated":true}]}}